{"id":147,"date":"2015-06-16T16:29:45","date_gmt":"2015-06-16T15:29:45","guid":{"rendered":"http:\/\/cdesign-web.com\/espace-sophrologie-et-hypnotherapie\/?page_id=147"},"modified":"2026-04-22T16:58:06","modified_gmt":"2026-04-22T15:58:06","slug":"qui-suis-je","status":"publish","type":"page","link":"https:\/\/www.espace-sophrologie.org\/?page_id=147","title":{"rendered":"Qui suis-je ?"},"content":{"rendered":"[et_pb_section fb_built=\u00a0\u00bb1&Prime; admin_label=\u00a0\u00bbHeader\u00a0\u00bb _builder_version=\u00a0\u00bb4.17.4&Prime; _module_preset=\u00a0\u00bbdefault\u00a0\u00bb custom_padding=\u00a0\u00bb0px|||||\u00a0\u00bb collapsed=\u00a0\u00bbon\u00a0\u00bb global_colors_info=\u00a0\u00bb{}\u00a0\u00bb][et_pb_row _builder_version=\u00a0\u00bb4.17.4&Prime; _module_preset=\u00a0\u00bbdefault\u00a0\u00bb width=\u00a0\u00bb100%\u00a0\u00bb max_width=\u00a0\u00bb100%\u00a0\u00bb custom_padding=\u00a0\u00bb0px||0px||false|false\u00a0\u00bb global_colors_info=\u00a0\u00bb{}\u00a0\u00bb][et_pb_column type=\u00a0\u00bb4_4&Prime; _builder_version=\u00a0\u00bb4.17.4&Prime; _module_preset=\u00a0\u00bbdefault\u00a0\u00bb global_colors_info=\u00a0\u00bb{}\u00a0\u00bb][et_pb_image src=\u00a0\u00bbhttps:\/\/www.espace-sophrologie.org\/wp-content\/uploads\/2023\/03\/online-yoga-class_28.jpeg\u00a0\u00bb title_text=\u00a0\u00bbonline-yoga-class_28&Prime; force_fullwidth=\u00a0\u00bbon\u00a0\u00bb _builder_version=\u00a0\u00bb4.17.4&Prime; _module_preset=\u00a0\u00bbdefault\u00a0\u00bb global_colors_info=\u00a0\u00bb{}\u00a0\u00bb][\/et_pb_image][\/et_pb_column][\/et_pb_row][et_pb_row _builder_version=\u00a0\u00bb4.17.4&Prime; _module_preset=\u00a0\u00bbdefault\u00a0\u00bb width=\u00a0\u00bb70%\u00a0\u00bb width_tablet=\u00a0\u00bb80%\u00a0\u00bb width_phone=\u00a0\u00bb80%\u00a0\u00bb width_last_edited=\u00a0\u00bbon|tablet\u00a0\u00bb global_colors_info=\u00a0\u00bb{}\u00a0\u00bb][et_pb_column type=\u00a0\u00bb4_4&Prime; _builder_version=\u00a0\u00bb4.17.4&Prime; _module_preset=\u00a0\u00bbdefault\u00a0\u00bb global_colors_info=\u00a0\u00bb{}\u00a0\u00bb][et_pb_text _builder_version=\u00a0\u00bb4.17.4&Prime; _module_preset=\u00a0\u00bbc16985e1-e0d6-4022-964d-e2bfc04fa633&Prime; header_font=\u00a0\u00bbCinzel||||||||\u00a0\u00bb header_text_color=\u00a0\u00bb#000000&Prime; header_font_size=\u00a0\u00bb60px\u00a0\u00bb header_line_height=\u00a0\u00bb1.2em\u00a0\u00bb text_orientation=\u00a0\u00bbcenter\u00a0\u00bb header_font_size_tablet=\u00a0\u00bb40px\u00a0\u00bb header_font_size_phone=\u00a0\u00bb24px\u00a0\u00bb header_font_size_last_edited=\u00a0\u00bbon|desktop\u00a0\u00bb global_colors_info=\u00a0\u00bb{}\u00a0\u00bb]<h1>A propos de cybele<\/h1>[\/et_pb_text][et_pb_button button_url=\u00a0\u00bb@ET-DC@eyJkeW5hbWljIjp0cnVlLCJjb250ZW50IjoicG9zdF9saW5rX3VybF9wYWdlIiwic2V0dGluZ3MiOnsicG9zdF9pZCI6IjIwIn19@\u00a0\u00bb button_text=\u00a0\u00bbPrendre rendez-vous\u00a0\u00bb button_alignment=\u00a0\u00bbcenter\u00a0\u00bb _builder_version=\u00a0\u00bb4.20.2&Prime; _dynamic_attributes=\u00a0\u00bbbutton_url\u00a0\u00bb _module_preset=\u00a0\u00bbdefault\u00a0\u00bb custom_button=\u00a0\u00bbon\u00a0\u00bb button_text_color=\u00a0\u00bb#FFFFFF\u00a0\u00bb button_bg_use_color_gradient=\u00a0\u00bbon\u00a0\u00bb button_bg_color_gradient_stops=\u00a0\u00bb#00261d 0%|#88c4dd 100%\u00a0\u00bb button_border_color=\u00a0\u00bbRGBA(255,255,255,0)\u00a0\u00bb button_border_radius=\u00a0\u00bb12px\u00a0\u00bb global_colors_info=\u00a0\u00bb{}\u00a0\u00bb][\/et_pb_button][et_pb_text _builder_version=\u00a0\u00bb4.17.4&Prime; _module_preset=\u00a0\u00bb1f09816e-184e-4ce5-a4cf-b39c52c423ca\u00a0\u00bb text_font=\u00a0\u00bbOpen Sans||||||||\u00a0\u00bb text_font_size=\u00a0\u00bb16px\u00a0\u00bb text_line_height=\u00a0\u00bb1.8em\u00a0\u00bb text_orientation=\u00a0\u00bbcenter\u00a0\u00bb text_font_size_tablet=\u00a0\u00bb15px\u00a0\u00bb text_font_size_phone=\u00a0\u00bb14px\u00a0\u00bb text_font_size_last_edited=\u00a0\u00bbon|phone\u00a0\u00bb header_font_size_tablet=\u00a0\u00bb55px\u00a0\u00bb header_font_size_last_edited=\u00a0\u00bboff|desktop\u00a0\u00bb global_colors_info=\u00a0\u00bb{}\u00a0\u00bb]<p>\u00a0A <span style=\"font-size: 16px;\">\u00a0vos c\u00f4t\u00e9s, dans un accompagnement personnalis\u00e9 depuis plus de 15 ans. <\/span>Choisir d\u2019aider les autres, c\u2019est pour cyb\u00e8le un investissement complet, en veillant au respect et \u00e0 la bienveillance. <span style=\"font-size: 16px;\">Cyb\u00e8le s&rsquo;est engag\u00e9e dans cette voie quand elle a d\u00e9couvert le re\u00efki. Cette pratique fut pour elle le changement de son existence. <\/span><span style=\"font-size: 16px;\">La sophrologie vint \u00a0naturellement, l&rsquo;a convainquant totalement de par sa force et son efficacit\u00e9. Commen\u00e7ait \u00a0d\u00e9lors un entrainement personnel qui lui conf\u00e9ra, l\u00e0 aussi, des changements radicaux, d\u00e9passant quantit\u00e9 de sch\u00e9mas et d\u2019illusions limitantes.<\/span><\/p>\n<p>Ce travail de d\u00e9voilement de soi, elle le met dans tous les apports de sa pratique th\u00e9rapeutique avec une approche encadr\u00e9e et structur\u00e9e.<\/p>\n<p>Elle compl\u00e8te sa formation en 2014 avec l\u2019hypnose, pour une prise en charge plus cibl\u00e9e et plus rapide des probl\u00e8mes.<\/p>[\/et_pb_text][\/et_pb_column][\/et_pb_row][\/et_pb_section][et_pb_section fb_built=\u00a0\u00bb1&Prime; admin_label=\u00a0\u00bbStats\u00a0\u00bb _builder_version=\u00a0\u00bb4.17.4&Prime; _module_preset=\u00a0\u00bbdefault\u00a0\u00bb global_colors_info=\u00a0\u00bb{}\u00a0\u00bb][et_pb_row column_structure=\u00a0\u00bb1_4,1_4,1_4,1_4&Prime; custom_padding_last_edited=\u00a0\u00bboff|desktop\u00a0\u00bb _builder_version=\u00a0\u00bb4.17.4&Prime; _module_preset=\u00a0\u00bbdefault\u00a0\u00bb background_color=\u00a0\u00bb#323741&Prime; custom_margin=\u00a0\u00bb30px||||false|false\u00a0\u00bb custom_padding=\u00a0\u00bb30px|30px|30px|30px|true|true\u00a0\u00bb global_colors_info=\u00a0\u00bb{}\u00a0\u00bb][et_pb_column type=\u00a0\u00bb1_4&Prime; _builder_version=\u00a0\u00bb4.17.4&Prime; _module_preset=\u00a0\u00bbdefault\u00a0\u00bb custom_padding_last_edited=\u00a0\u00bboff|desktop\u00a0\u00bb global_colors_info=\u00a0\u00bb{}\u00a0\u00bb][et_pb_number_counter title=\u00a0\u00bbAVIS\u00a0\u00bb number=\u00a0\u00bb14+\u00a0\u00bb percent_sign=\u00a0\u00bboff\u00a0\u00bb _builder_version=\u00a0\u00bb4.20.0&Prime; _module_preset=\u00a0\u00bbdefault\u00a0\u00bb title_font=\u00a0\u00bbOpen Sans||||||||\u00a0\u00bb title_text_color=\u00a0\u00bb#ADC6D9&Prime; title_font_size=\u00a0\u00bb14px\u00a0\u00bb number_font=\u00a0\u00bbCinzel||||||||\u00a0\u00bb number_text_color=\u00a0\u00bb#FFC38F\u00a0\u00bb number_font_size=\u00a0\u00bb48px\u00a0\u00bb global_colors_info=\u00a0\u00bb{}\u00a0\u00bb][\/et_pb_number_counter][\/et_pb_column][et_pb_column type=\u00a0\u00bb1_4&Prime; _builder_version=\u00a0\u00bb4.17.4&Prime; _module_preset=\u00a0\u00bbdefault\u00a0\u00bb global_colors_info=\u00a0\u00bb{}\u00a0\u00bb][et_pb_number_counter title=\u00a0\u00bbAbonn\u00e9s\u00a0\u00bb number=\u00a0\u00bb578&Prime; percent_sign=\u00a0\u00bboff\u00a0\u00bb _builder_version=\u00a0\u00bb4.20.0&Prime; _module_preset=\u00a0\u00bbdefault\u00a0\u00bb title_font=\u00a0\u00bbOpen Sans||||||||\u00a0\u00bb title_text_color=\u00a0\u00bb#ADC6D9&Prime; title_font_size=\u00a0\u00bb14px\u00a0\u00bb number_font=\u00a0\u00bbCinzel||||||||\u00a0\u00bb number_text_color=\u00a0\u00bb#FFC38F\u00a0\u00bb number_font_size=\u00a0\u00bb48px\u00a0\u00bb locked=\u00a0\u00bboff\u00a0\u00bb global_colors_info=\u00a0\u00bb{}\u00a0\u00bb][\/et_pb_number_counter][\/et_pb_column][et_pb_column type=\u00a0\u00bb1_4&Prime; _builder_version=\u00a0\u00bb4.17.4&Prime; _module_preset=\u00a0\u00bbdefault\u00a0\u00bb global_colors_info=\u00a0\u00bb{}\u00a0\u00bb][et_pb_number_counter title=\u00a0\u00bbHeures d&rsquo;accompagnement\u00a0\u00bb number=\u00a0\u00bb14600+\u00a0\u00bb percent_sign=\u00a0\u00bboff\u00a0\u00bb _builder_version=\u00a0\u00bb4.20.0&Prime; _module_preset=\u00a0\u00bbdefault\u00a0\u00bb title_font=\u00a0\u00bbOpen Sans||||||||\u00a0\u00bb title_text_color=\u00a0\u00bb#ADC6D9&Prime; title_font_size=\u00a0\u00bb14px\u00a0\u00bb number_font=\u00a0\u00bbCinzel||||||||\u00a0\u00bb number_text_color=\u00a0\u00bb#FFC38F\u00a0\u00bb number_font_size=\u00a0\u00bb48px\u00a0\u00bb locked=\u00a0\u00bboff\u00a0\u00bb global_colors_info=\u00a0\u00bb{}\u00a0\u00bb][\/et_pb_number_counter][\/et_pb_column][et_pb_column type=\u00a0\u00bb1_4&Prime; _builder_version=\u00a0\u00bb4.17.4&Prime; _module_preset=\u00a0\u00bbdefault\u00a0\u00bb global_colors_info=\u00a0\u00bb{}\u00a0\u00bb][et_pb_number_counter title=\u00a0\u00bbRelaxation Dynamique\u00a0\u00bb number=\u00a0\u00bb12+\u00a0\u00bb percent_sign=\u00a0\u00bboff\u00a0\u00bb _builder_version=\u00a0\u00bb4.20.0&Prime; _module_preset=\u00a0\u00bbdefault\u00a0\u00bb title_font=\u00a0\u00bbOpen Sans||||||||\u00a0\u00bb title_text_color=\u00a0\u00bb#ADC6D9&Prime; title_font_size=\u00a0\u00bb14px\u00a0\u00bb number_font=\u00a0\u00bbCinzel||||||||\u00a0\u00bb number_text_color=\u00a0\u00bb#FFC38F\u00a0\u00bb number_font_size=\u00a0\u00bb48px\u00a0\u00bb locked=\u00a0\u00bboff\u00a0\u00bb global_colors_info=\u00a0\u00bb{}\u00a0\u00bb][\/et_pb_number_counter][\/et_pb_column][\/et_pb_row][\/et_pb_section][et_pb_section fb_built=\u00a0\u00bb1&Prime; _builder_version=\u00a0\u00bb4.20.2&Prime; _module_preset=\u00a0\u00bbdefault\u00a0\u00bb module_alignment=\u00a0\u00bbcenter\u00a0\u00bb global_colors_info=\u00a0\u00bb{}\u00a0\u00bb][et_pb_row column_structure=\u00a0\u00bb1_2,1_2&Prime; _builder_version=\u00a0\u00bb4.20.2&Prime; _module_preset=\u00a0\u00bbdefault\u00a0\u00bb width=\u00a0\u00bb100%\u00a0\u00bb module_alignment=\u00a0\u00bbcenter\u00a0\u00bb global_colors_info=\u00a0\u00bb{}\u00a0\u00bb][et_pb_column type=\u00a0\u00bb1_2&Prime; _builder_version=\u00a0\u00bb4.20.2&Prime; _module_preset=\u00a0\u00bbdefault\u00a0\u00bb global_colors_info=\u00a0\u00bb{}\u00a0\u00bb][et_pb_image src=\u00a0\u00bbhttps:\/\/www.espace-sophrologie.org\/wp-content\/uploads\/2015\/06\/diplome-ngs.jpg\u00a0\u00bb alt=\u00a0\u00bbCybele Flajollet diplome NGH\u00a0\u00bb title_text=\u00a0\u00bbDipl\u00f4me NGH\u00a0\u00bb _builder_version=\u00a0\u00bb4.20.2&Prime; _module_preset=\u00a0\u00bbdefault\u00a0\u00bb global_colors_info=\u00a0\u00bb{}\u00a0\u00bb][\/et_pb_image][\/et_pb_column][et_pb_column type=\u00a0\u00bb1_2&Prime; _builder_version=\u00a0\u00bb4.20.2&Prime; _module_preset=\u00a0\u00bbdefault\u00a0\u00bb global_colors_info=\u00a0\u00bb{}\u00a0\u00bb][et_pb_image src=\u00a0\u00bbhttps:\/\/www.espace-sophrologie.org\/wp-content\/uploads\/2015\/06\/diplome-sophrocay.jpg\u00a0\u00bb alt=\u00a0\u00bbCybele Flajollet dipl\u00f4me Sofrocay\u00a0\u00bb title_text=\u00a0\u00bbDipl\u00f4me Sophrologue\u00a0\u00bb _builder_version=\u00a0\u00bb4.20.2&Prime; _module_preset=\u00a0\u00bbdefault\u00a0\u00bb global_colors_info=\u00a0\u00bb{}\u00a0\u00bb][\/et_pb_image][\/et_pb_column][\/et_pb_row][\/et_pb_section][et_pb_section fb_built=\u00a0\u00bb1&Prime; admin_label=\u00a0\u00bbVideo\u00a0\u00bb _builder_version=\u00a0\u00bb4.17.4&Prime; _module_preset=\u00a0\u00bbdefault\u00a0\u00bb collapsed=\u00a0\u00bbon\u00a0\u00bb global_colors_info=\u00a0\u00bb{}\u00a0\u00bb][et_pb_row column_structure=\u00a0\u00bb1_2,1_2&Prime; _builder_version=\u00a0\u00bb4.17.4&Prime; _module_preset=\u00a0\u00bbdefault\u00a0\u00bb global_colors_info=\u00a0\u00bb{}\u00a0\u00bb][et_pb_column type=\u00a0\u00bb1_2&Prime; _builder_version=\u00a0\u00bb4.17.4&Prime; _module_preset=\u00a0\u00bbdefault\u00a0\u00bb global_colors_info=\u00a0\u00bb{}\u00a0\u00bb][et_pb_text _builder_version=\u00a0\u00bb4.17.4&Prime; _module_preset=\u00a0\u00bbb327cbe4-b1d5-4b66-ad37-40c8f2f061ba\u00a0\u00bb header_2_font=\u00a0\u00bbCinzel||||||||\u00a0\u00bb header_2_text_color=\u00a0\u00bb#000000&Prime; header_2_font_size=\u00a0\u00bb48px\u00a0\u00bb header_2_line_height=\u00a0\u00bb1.2em\u00a0\u00bb header_2_font_size_tablet=\u00a0\u00bb32px\u00a0\u00bb header_2_font_size_phone=\u00a0\u00bb20px\u00a0\u00bb header_2_font_size_last_edited=\u00a0\u00bbon|desktop\u00a0\u00bb global_colors_info=\u00a0\u00bb{}\u00a0\u00bb]<h2>EXPERIENCE\u00a0<\/h2>[\/et_pb_text][et_pb_text _builder_version=\u00a0\u00bb4.17.4&Prime; _module_preset=\u00a0\u00bb1f09816e-184e-4ce5-a4cf-b39c52c423ca\u00a0\u00bb text_font=\u00a0\u00bbOpen Sans||||||||\u00a0\u00bb text_font_size=\u00a0\u00bb16px\u00a0\u00bb text_line_height=\u00a0\u00bb1.8em\u00a0\u00bb custom_padding=\u00a0\u00bb||6px|||\u00a0\u00bb text_font_size_tablet=\u00a0\u00bb15px\u00a0\u00bb text_font_size_phone=\u00a0\u00bb14px\u00a0\u00bb text_font_size_last_edited=\u00a0\u00bbon|phone\u00a0\u00bb header_font_size_tablet=\u00a0\u00bb55px\u00a0\u00bb header_font_size_last_edited=\u00a0\u00bboff|desktop\u00a0\u00bb global_colors_info=\u00a0\u00bb{}\u00a0\u00bb]<p>&nbsp;<\/p>\n<p>Je constate qu\u2019apr\u00e8s quelques s\u00e9ances les b\u00e9n\u00e9fices sont rapides et directement palpables. Ma client\u00e8le, fid\u00e8le, me laisse des commentaires souvent \u00e9logieux afin de me t\u00e9moigner de sa satisfaction et de sa confiance.<\/p>\n<p><!-- \/wp:post-content --><\/p>\n<p><!-- wp:paragraph --><\/p>\n<p>Parce que ces avis sont utiles et importants et qu\u2019ils vous aiderons s\u00fbrement\u00a0 \u00e0 vous mettre en route, je vous invite \u00e0 les consulter et vous faire une id\u00e9e.<\/p>\n<p><!-- \/wp:paragraph --><\/p>\n<p><!-- wp:paragraph --><\/p>\n<p>Tout changement est initi\u00e9 par un premier pas et seul le premier compte, alors, Rencontrons-nous !<\/p>[\/et_pb_text][\/et_pb_column][et_pb_column type=\u00a0\u00bb1_2&Prime; _builder_version=\u00a0\u00bb4.17.4&Prime; _module_preset=\u00a0\u00bbdefault\u00a0\u00bb global_colors_info=\u00a0\u00bb{}\u00a0\u00bb][et_pb_video src=\u00a0\u00bbhttps:\/\/www.espace-sophrologie.org\/wp-content\/uploads\/2023\/03\/VIDEO-2023-03-01-22-27-44.mp4&Prime; play_icon_color=\u00a0\u00bb#000000&Prime; _builder_version=\u00a0\u00bb4.20.2&Prime; _module_preset=\u00a0\u00bbdefault\u00a0\u00bb global_colors_info=\u00a0\u00bb{}\u00a0\u00bb][\/et_pb_video][et_pb_text _builder_version=\u00a0\u00bb4.20.2&Prime; _module_preset=\u00a0\u00bbdefault\u00a0\u00bb global_colors_info=\u00a0\u00bb{}\u00a0\u00bb]<h3>D\u00e9couvrez en plus sur la sophrologie en famille, avec mon passage dans l&rsquo;\u00e9mission Super Nanny en Mars 2023<\/h3>[\/et_pb_text][\/et_pb_column][\/et_pb_row][\/et_pb_section][et_pb_section fb_built=\u00a0\u00bb1&Prime; admin_label=\u00a0\u00bbService\u00a0\u00bb _builder_version=\u00a0\u00bb4.17.4&Prime; _module_preset=\u00a0\u00bbdefault\u00a0\u00bb collapsed=\u00a0\u00bbon\u00a0\u00bb global_colors_info=\u00a0\u00bb{}\u00a0\u00bb][et_pb_row column_structure=\u00a0\u00bb1_2,1_2&Prime; _builder_version=\u00a0\u00bb4.17.4&Prime; _module_preset=\u00a0\u00bbdefault\u00a0\u00bb global_colors_info=\u00a0\u00bb{}\u00a0\u00bb][et_pb_column type=\u00a0\u00bb1_2&Prime; _builder_version=\u00a0\u00bb4.17.4&Prime; _module_preset=\u00a0\u00bbdefault\u00a0\u00bb global_colors_info=\u00a0\u00bb{}\u00a0\u00bb][\/et_pb_column][et_pb_column type=\u00a0\u00bb1_2&Prime; _builder_version=\u00a0\u00bb4.17.4&Prime; _module_preset=\u00a0\u00bbdefault\u00a0\u00bb global_colors_info=\u00a0\u00bb{}\u00a0\u00bb][et_pb_text admin_label=\u00a0\u00bbRecon\u00a0\u00bb module_id=\u00a0\u00bb#recon\u00a0\u00bb _builder_version=\u00a0\u00bb4.20.0&Prime; _module_preset=\u00a0\u00bbb327cbe4-b1d5-4b66-ad37-40c8f2f061ba\u00a0\u00bb header_2_font=\u00a0\u00bbCinzel||||||||\u00a0\u00bb header_2_text_color=\u00a0\u00bb#000000&Prime; header_2_font_size=\u00a0\u00bb48px\u00a0\u00bb header_2_line_height=\u00a0\u00bb1.2em\u00a0\u00bb header_2_font_size_tablet=\u00a0\u00bb32px\u00a0\u00bb header_2_font_size_phone=\u00a0\u00bb20px\u00a0\u00bb header_2_font_size_last_edited=\u00a0\u00bbon|desktop\u00a0\u00bb global_colors_info=\u00a0\u00bb{}\u00a0\u00bb]<h2>La force de ma proposition pour vous : \u00a0la reconnexion avec vous-m\u00eame<\/h2>[\/et_pb_text][et_pb_text _builder_version=\u00a0\u00bb4.17.4&Prime; _module_preset=\u00a0\u00bb1f09816e-184e-4ce5-a4cf-b39c52c423ca\u00a0\u00bb text_font=\u00a0\u00bbOpen Sans||||||||\u00a0\u00bb text_font_size=\u00a0\u00bb16px\u00a0\u00bb text_line_height=\u00a0\u00bb1.8em\u00a0\u00bb text_font_size_tablet=\u00a0\u00bb15px\u00a0\u00bb text_font_size_phone=\u00a0\u00bb14px\u00a0\u00bb text_font_size_last_edited=\u00a0\u00bbon|phone\u00a0\u00bb header_font_size_tablet=\u00a0\u00bb55px\u00a0\u00bb header_font_size_last_edited=\u00a0\u00bboff|desktop\u00a0\u00bb global_colors_info=\u00a0\u00bb{}\u00a0\u00bb min_height=\u00a0\u00bb980px\u00a0\u00bb]<p>&nbsp;<\/p>\n<div class=\"wp-block-columns\">\n<div class=\"wp-block-column\">\n<blockquote class=\"wp-block-quote\">\n<p>\u00ab\u00a0En vous aidant \u00e0 d\u00e9bloquer les probl\u00e9matiques, lorsque vous vous sentez stress\u00e9s, d\u00e9pass\u00e9s, limit\u00e9s et impuissants\u2026<\/p>\n<p>transmettre les moyens d\u2019acc\u00e9der \u00e0 vos ressources int\u00e9rieures et enfin retrouver la voie du plein \u00e9panouissement, \u00e0 savoir, l\u2019\u00e9quilibre, l\u2019harmonie et la s\u00e9r\u00e9nit\u00e9, de fa\u00e7on durable, voila la r\u00e9silience au stress\u00a0\u00bb.<\/p>\n<p>&nbsp;<\/p>\n<p><!-- \/wp:paragraph --><\/p>\n<\/blockquote>\n<p><!-- \/wp:quote --><\/p>\n<p><!-- wp:paragraph --><\/p>\n<p>&nbsp;<\/p>\n<p><!-- \/wp:paragraph --><\/p>\n<\/div>\n<p><!-- \/wp:column --><\/p>\n<p><!-- wp:column --><\/p>\n<div class=\"wp-block-column\">\n<p><!-- wp:image {\"id\":776,\"sizeSlug\":\"large\"} --><\/p>\n<figure class=\"wp-block-image size-large\"><img loading=\"lazy\" decoding=\"async\" src=\"https:\/\/www.espace-sophrologie.org\/wp-content\/uploads\/2020\/11\/Profile-734x1024.jpg\" alt=\"\" class=\"wp-image-776\" width=\"239\" height=\"333\" srcset=\"https:\/\/www.espace-sophrologie.org\/wp-content\/uploads\/2020\/11\/Profile-734x1024.jpg 734w, https:\/\/www.espace-sophrologie.org\/wp-content\/uploads\/2020\/11\/Profile-215x300.jpg 215w, https:\/\/www.espace-sophrologie.org\/wp-content\/uploads\/2020\/11\/Profile-768x1072.jpg 768w, https:\/\/www.espace-sophrologie.org\/wp-content\/uploads\/2020\/11\/Profile-1101x1536.jpg 1101w, https:\/\/www.espace-sophrologie.org\/wp-content\/uploads\/2020\/11\/Profile-1468x2048.jpg 1468w, https:\/\/www.espace-sophrologie.org\/wp-content\/uploads\/2020\/11\/Profile-scaled.jpg 1835w\" sizes=\"auto, (max-width: 239px) 100vw, 239px\" \/><\/figure>\n<p><!-- \/wp:image --><\/p>\n<\/div>\n<p><!-- \/wp:column --><\/p>\n<\/div>[\/et_pb_text][\/et_pb_column][\/et_pb_row][\/et_pb_section][et_pb_section fb_built=\u00a0\u00bb1&Prime; admin_label=\u00a0\u00bbTeam\u00a0\u00bb _builder_version=\u00a0\u00bb4.17.4&Prime; _module_preset=\u00a0\u00bbdefault\u00a0\u00bb locked=\u00a0\u00bboff\u00a0\u00bb collapsed=\u00a0\u00bbon\u00a0\u00bb global_colors_info=\u00a0\u00bb{}\u00a0\u00bb][et_pb_row _builder_version=\u00a0\u00bb4.17.4&Prime; _module_preset=\u00a0\u00bbdefault\u00a0\u00bb global_colors_info=\u00a0\u00bb{}\u00a0\u00bb][et_pb_column type=\u00a0\u00bb4_4&Prime; _builder_version=\u00a0\u00bb4.17.4&Prime; _module_preset=\u00a0\u00bbdefault\u00a0\u00bb global_colors_info=\u00a0\u00bb{}\u00a0\u00bb][et_pb_text _builder_version=\u00a0\u00bb4.17.4&Prime; _module_preset=\u00a0\u00bbb327cbe4-b1d5-4b66-ad37-40c8f2f061ba\u00a0\u00bb header_2_font=\u00a0\u00bbCinzel||||||||\u00a0\u00bb header_2_text_color=\u00a0\u00bb#000000&Prime; header_2_font_size=\u00a0\u00bb48px\u00a0\u00bb header_2_line_height=\u00a0\u00bb1.2em\u00a0\u00bb text_orientation=\u00a0\u00bbcenter\u00a0\u00bb header_2_font_size_tablet=\u00a0\u00bb32px\u00a0\u00bb header_2_font_size_phone=\u00a0\u00bb20px\u00a0\u00bb header_2_font_size_last_edited=\u00a0\u00bbon|desktop\u00a0\u00bb global_colors_info=\u00a0\u00bb{}\u00a0\u00bb]<h2>Les t\u00e9moignages<\/h2>[\/et_pb_text][et_pb_image src=\u00a0\u00bbhttps:\/\/www.espace-sophrologie.org\/wp-content\/uploads\/2023\/03\/online-yoga-class_45.jpg\u00a0\u00bb title_text=\u00a0\u00bbonline-yoga-class_45&Prime; align=\u00a0\u00bbcenter\u00a0\u00bb _builder_version=\u00a0\u00bb4.17.4&Prime; _module_preset=\u00a0\u00bbdefault\u00a0\u00bb border_radii=\u00a0\u00bbon|400px|400px|400px|400px\u00a0\u00bb global_colors_info=\u00a0\u00bb{}\u00a0\u00bb][\/et_pb_image][\/et_pb_column][\/et_pb_row][\/et_pb_section][et_pb_section fb_built=\u00a0\u00bb1&Prime; admin_label=\u00a0\u00bbTestimonials\u00a0\u00bb _builder_version=\u00a0\u00bb4.17.4&Prime; _module_preset=\u00a0\u00bbdefault\u00a0\u00bb use_background_color_gradient=\u00a0\u00bbon\u00a0\u00bb background_color_gradient_stops=\u00a0\u00bb#acc5d8 0%|#e7c8ba 100%\u00a0\u00bb collapsed=\u00a0\u00bbon\u00a0\u00bb global_colors_info=\u00a0\u00bb{}\u00a0\u00bb][et_pb_row column_structure=\u00a0\u00bb1_4,1_4,1_4,1_4&Prime; _builder_version=\u00a0\u00bb4.20.2&Prime; _module_preset=\u00a0\u00bbdefault\u00a0\u00bb global_colors_info=\u00a0\u00bb{}\u00a0\u00bb][et_pb_column type=\u00a0\u00bb1_4&Prime; _builder_version=\u00a0\u00bb4.17.4&Prime; _module_preset=\u00a0\u00bbdefault\u00a0\u00bb custom_padding_tablet=\u00a0\u00bb||30px||false|false\u00a0\u00bb custom_padding_phone=\u00a0\u00bb||30px||false|false\u00a0\u00bb custom_padding_last_edited=\u00a0\u00bbon|tablet\u00a0\u00bb global_colors_info=\u00a0\u00bb{}\u00a0\u00bb][et_pb_text _builder_version=\u00a0\u00bb4.17.4&Prime; _module_preset=\u00a0\u00bb1f09816e-184e-4ce5-a4cf-b39c52c423ca\u00a0\u00bb text_font=\u00a0\u00bbOpen Sans||||||||\u00a0\u00bb text_text_color=\u00a0\u00bb#000000&Prime; text_font_size=\u00a0\u00bb16px\u00a0\u00bb text_line_height=\u00a0\u00bb1.8em\u00a0\u00bb text_orientation=\u00a0\u00bbcenter\u00a0\u00bb text_font_size_tablet=\u00a0\u00bb15px\u00a0\u00bb text_font_size_phone=\u00a0\u00bb14px\u00a0\u00bb text_font_size_last_edited=\u00a0\u00bbon|phone\u00a0\u00bb header_font_size_tablet=\u00a0\u00bb55px\u00a0\u00bb header_font_size_last_edited=\u00a0\u00bboff|desktop\u00a0\u00bb global_colors_info=\u00a0\u00bb{}\u00a0\u00bb][\/et_pb_text][et_pb_toggle title=\u00a0\u00bbT\u00e9moignage Daniel.W\u00a0\u00bb _builder_version=\u00a0\u00bb4.20.2&Prime; _module_preset=\u00a0\u00bbdefault\u00a0\u00bb custom_margin=\u00a0\u00bb|-40px||||\u00a0\u00bb animation_style=\u00a0\u00bbfold\u00a0\u00bb global_colors_info=\u00a0\u00bb{}\u00a0\u00bb]<p>&nbsp;<\/p>\n<div>\u201c<span style=\"font-size: 16px;\">Cyb\u00e8le est une sophrologue professionnelle de grande qualit\u00e9. Je suis tr\u00e8s heureux de l&rsquo;avoir rencontr\u00e9e sur mon chemin. Elle m&rsquo;a permis de d\u00e9velopper mes id\u00e9es et ma vision de l&rsquo;avenir. Cyb\u00e8le est bienveillante et g\u00e9n\u00e9reuse.\u00a0\u00bb<\/span><\/div>[\/et_pb_toggle][et_pb_toggle title=\u00a0\u00bbT\u00e9moignage Micka\u00ebl.M\u00a0\u00bb _builder_version=\u00a0\u00bb4.20.2&Prime; _module_preset=\u00a0\u00bbdefault\u00a0\u00bb custom_margin=\u00a0\u00bb|-40px||||\u00a0\u00bb animation_style=\u00a0\u00bbfold\u00a0\u00bb global_colors_info=\u00a0\u00bb{}\u00a0\u00bb]<p>&nbsp;<\/p>\n<p><span data-expandable-section=\"\" tabindex=\"-1\"><span class=\"review-full-text\">\u00ab\u00a0Une tr\u00e8s belle exp\u00e9rience car avant de rencontrer Cyb\u00e8le, je ne connaissais pas la sophrologie.<br \/>Cyb\u00e8le est une personne \u00e0 l\u2019\u00e9coute qui ne porte aucun jugement. Elle a r\u00e9ussi \u00e0 me mettre en confiance, ce qui m\u2019a permis de pouvoir me lib\u00e9rer totalement. Rien que pour cela, merci.<br \/>En quatre s\u00e9ances seulement, elle m\u2019a aid\u00e9 \u00e0 retrouver une certaine confiance en moi et \u00e0 accepter ma nouvelle vie. Elle m\u2019a fait d\u00e9couvrir \u00e0 travers la sophrologie, une nouvelle voix, un nouveau chemin que je n\u2019imaginais m\u00eame pas avant de la rencontrer. En plus de cela, elle m\u2019a donn\u00e9 de nombreux outils qui me permettront de mieux g\u00e9rer et appr\u00e9hender les situations compliqu\u00e9es de la vie.<br \/>Je sais que pour moi le travail n\u2019est pas fini et qu\u2019il me faudra encore du temps, mais je tenais \u00e0 remercier Cyb\u00e8le pour son professionnalisme et ses r\u00e9sultats.<\/span><\/span><\/p>\n<div class=\"hTt9T\"><\/div>\n<div><span class=\"xdR1zd\">M.L Visit\u00e9 en f\u00e9vrier 2022<\/span><\/div>[\/et_pb_toggle][et_pb_text _builder_version=\u00a0\u00bb4.17.4&Prime; _module_preset=\u00a0\u00bb1f09816e-184e-4ce5-a4cf-b39c52c423ca\u00a0\u00bb text_font=\u00a0\u00bbOpen Sans||||||||\u00a0\u00bb text_text_color=\u00a0\u00bb#000000&Prime; text_font_size=\u00a0\u00bb16px\u00a0\u00bb text_line_height=\u00a0\u00bb1.8em\u00a0\u00bb text_orientation=\u00a0\u00bbcenter\u00a0\u00bb text_font_size_tablet=\u00a0\u00bb15px\u00a0\u00bb text_font_size_phone=\u00a0\u00bb14px\u00a0\u00bb text_font_size_last_edited=\u00a0\u00bbon|phone\u00a0\u00bb header_font_size_tablet=\u00a0\u00bb55px\u00a0\u00bb header_font_size_last_edited=\u00a0\u00bboff|desktop\u00a0\u00bb global_colors_info=\u00a0\u00bb{}\u00a0\u00bb][\/et_pb_text][\/et_pb_column][et_pb_column _builder_version=\u00a0\u00bb4.20.2&Prime; _module_preset=\u00a0\u00bbdefault\u00a0\u00bb type=\u00a0\u00bb1_4&Prime;][\/et_pb_column][et_pb_column type=\u00a0\u00bb1_4&Prime; _builder_version=\u00a0\u00bb4.20.2&Prime; _module_preset=\u00a0\u00bbdefault\u00a0\u00bb global_colors_info=\u00a0\u00bb{}\u00a0\u00bb][et_pb_toggle title=\u00a0\u00bbT\u00e9moignage Marion.D\u00a0\u00bb _builder_version=\u00a0\u00bb4.20.2&Prime; _module_preset=\u00a0\u00bbdefault\u00a0\u00bb animation_style=\u00a0\u00bbfold\u00a0\u00bb global_colors_info=\u00a0\u00bb{}\u00a0\u00bb]<p>&nbsp;<\/p>\n<p><span data-expandable-section=\"\" tabindex=\"-1\"><span class=\"review-full-text\">\u00ab\u00a0<span jscontroller=\"MZnM8e\" jsaction=\"rcuQ6b:npT2md\"><span data-expandable-section=\"\" tabindex=\"-1\">Je souhaitais vous dire un grand merci. Gr\u00e2ce \u00e0 vous, j&rsquo;ai r\u00e9gl\u00e9 beaucoup de probl\u00e8mes que je gardais en moi depuis longtemps, vous m&rsquo;avez appris \u00e0 canaliser mes \u00e9motions et pratiquer le l\u00e2cher prise pour de vrai. J&rsquo;ai enfin les cl\u00e9s pour avancer sereinement dans ma vie, merci pour tout ce travail<\/span><\/span><\/span><\/span><\/p>\n<div class=\"hTt9T\"><\/div>\n<div><span class=\"xdR1zd\">M.L Visit\u00e9 en \u00a02022<\/span><\/div>[\/et_pb_toggle][et_pb_toggle title=\u00a0\u00bbT\u00e9moignage Martin.D\u00a0\u00bb _builder_version=\u00a0\u00bb4.20.2&Prime; _module_preset=\u00a0\u00bbdefault\u00a0\u00bb animation_style=\u00a0\u00bbfold\u00a0\u00bb global_colors_info=\u00a0\u00bb{}\u00a0\u00bb]<p>&nbsp;<\/p>\n<p>\u00ab\u00a0<span style=\"font-size: 14px;\">Je tiens \u00e0 remercier profond\u00e9ment Madame FLAJOLLET qui a su m\u2019aider dans la gestion de mon stress.<\/span><\/p>\n<div>\n<p><span data-expandable-section=\"\" tabindex=\"-1\"><span class=\"review-full-text\">Gr\u00e2ce \u00e0 diff\u00e9rents exercices et conseils en sophrologie, j\u2019ai pu reprendre confiance en moi et \u00eatre plus serein pour affronter les situations du quotidien.<br \/>C\u2019est donc sans h\u00e9siter que je vous recommande cette professionnelle tr\u00e8s comp\u00e9tente !\u00a0\u00bb<\/span><\/span><\/p>\n<div class=\"hTt9T\"><\/div>\n<div><span class=\"xdR1zd\">Visit\u00e9 en f\u00e9vrier 202<\/span><\/div>\n<\/div>[\/et_pb_toggle][et_pb_toggle title=\u00a0\u00bbT\u00e9moignage Yann.L\u00a0\u00bb _builder_version=\u00a0\u00bb4.20.2&Prime; _module_preset=\u00a0\u00bbdefault\u00a0\u00bb animation_style=\u00a0\u00bbfold\u00a0\u00bb global_colors_info=\u00a0\u00bb{}\u00a0\u00bb]<p>&nbsp;<\/p>\n<p>\u00ab\u00a0<span>Une sophrologue cayc\u00e9dienne en qui vous pouvez avoir confiance. Cybele a suivi sa formation en allant \u00e0 la source, aux racines de la sophrologie. Elle exerce dans le respect de l&rsquo;authenticit\u00e9 de la relaxation dynamique.\u00a0\u00bb<\/span><span style=\"font-size: 14px;\"><\/span><span class=\"xdR1zd\"><\/span><\/p>\n<p>visit\u00e9 il y \u00e0 9ans Yann Lezier<span><\/span><\/p>\n<p><span><\/span><\/p>[\/et_pb_toggle][\/et_pb_column][et_pb_column type=\u00a0\u00bb1_4&Prime; _builder_version=\u00a0\u00bb4.20.2&Prime; _module_preset=\u00a0\u00bbdefault\u00a0\u00bb global_colors_info=\u00a0\u00bb{}\u00a0\u00bb][et_pb_text _builder_version=\u00a0\u00bb4.17.4&Prime; _module_preset=\u00a0\u00bb1f09816e-184e-4ce5-a4cf-b39c52c423ca\u00a0\u00bb text_font=\u00a0\u00bbOpen Sans||||||||\u00a0\u00bb text_text_color=\u00a0\u00bb#000000&Prime; text_font_size=\u00a0\u00bb16px\u00a0\u00bb text_line_height=\u00a0\u00bb1.8em\u00a0\u00bb text_orientation=\u00a0\u00bbcenter\u00a0\u00bb text_font_size_tablet=\u00a0\u00bb15px\u00a0\u00bb text_font_size_phone=\u00a0\u00bb14px\u00a0\u00bb text_font_size_last_edited=\u00a0\u00bbon|phone\u00a0\u00bb header_font_size_tablet=\u00a0\u00bb55px\u00a0\u00bb header_font_size_last_edited=\u00a0\u00bboff|desktop\u00a0\u00bb locked=\u00a0\u00bboff\u00a0\u00bb global_colors_info=\u00a0\u00bb{}\u00a0\u00bb][\/et_pb_text][et_pb_toggle title=\u00a0\u00bbT\u00e9moignage Francis.L\u00a0\u00bb _builder_version=\u00a0\u00bb4.20.2&Prime; _module_preset=\u00a0\u00bbdefault\u00a0\u00bb animation_style=\u00a0\u00bbfold\u00a0\u00bb global_colors_info=\u00a0\u00bb{}\u00a0\u00bb]<p>&nbsp;<\/p>\n<div>\n<p><span data-expandable-section=\"\" tabindex=\"-1\"><span class=\"review-full-text\">\u00ab\u00a0Une tr\u00e8s belle exp\u00e9rience pass\u00e9e aupr\u00e8s de Cyb\u00e8le.<br \/>Je ne connaissais pas la sophrologie et suite aux conseils de personnes avis\u00e9es, je me suis lanc\u00e9.<br \/>J&rsquo;ai ainsi rencontr\u00e9 une personne \u00e0 l&rsquo;\u00e9coute, comprenant les diff\u00e9rentes p\u00e9rip\u00e9ties de ma vie. Partant de ce point de rep\u00e8re, Cyb\u00e8le a construit m\u00e9thodiquement mon retour dans le monde r\u00e9el, en remettant \u00e0 sa juste place les diff\u00e9rents probl\u00e8mes que la vie nous soumet.<br \/>Le fait le plus marquant est, sans doute, la rapidit\u00e9 de cette th\u00e9rapie qui m&rsquo;a donc \u00ab\u00a0remis sur pieds\u00a0\u00bb en quelques s\u00e9ances (5), bluffant !<br \/>Je ne peux que remercier Cyb\u00e8le pour sa compr\u00e9hension, son aide, ses r\u00e9sultats.<br \/>Une belle rencontre, je recommande vivement !!<br \/>Encore merci<br \/>FL<\/span><\/span><\/p>\n<div class=\"hTt9T\"><\/div>\n<div><span class=\"xdR1zd\">Visit\u00e9 en d\u00e9cembre 2021<\/span><\/div>\n<\/div>[\/et_pb_toggle][et_pb_toggle title=\u00a0\u00bbT\u00e9moignage C\u00e9line .B \u00a0\u00bb _builder_version=\u00a0\u00bb4.20.2&Prime; _module_preset=\u00a0\u00bbdefault\u00a0\u00bb animation_style=\u00a0\u00bbfold\u00a0\u00bb global_colors_info=\u00a0\u00bb{}\u00a0\u00bb]<p>&nbsp;<\/p>\n<div>\n<div>\n<p><span data-expandable-section=\"\" tabindex=\"-1\"><span class=\"review-full-text\">\u00ab\u00a0J&rsquo;ai fait une hypnose r\u00e9gressive qui m&rsquo;a permis de gu\u00e9rir ma blessure d&rsquo;abandon et \u00e9quilibr\u00e9 mon yin et yang puis de reconnecter a une paix int\u00e9rieure, malheureusement j&rsquo;\u00e9tais desencrer et gratuitement Mme flajollet m&rsquo;a fait un ancrage et bien j&rsquo;ai dormi comme un bb et je suis plus en harmonie avec moi mm et la nature. Merci et gratitude.\u00a0\u00bb<\/span><\/span><\/p>\n<div class=\"hTt9T\"><\/div>\n<div><span class=\"xdR1zd\">Visit\u00e9 en septembre 2021<\/span><\/div>\n<\/div>\n<\/div>[\/et_pb_toggle][\/et_pb_column][\/et_pb_row][\/et_pb_section][et_pb_section fb_built=\u00a0\u00bb1&Prime; admin_label=\u00a0\u00bbCall to Action\u00a0\u00bb _builder_version=\u00a0\u00bb4.17.4&Prime; _module_preset=\u00a0\u00bbdefault\u00a0\u00bb background_color=\u00a0\u00bb#323741&Prime; locked=\u00a0\u00bboff\u00a0\u00bb collapsed=\u00a0\u00bbon\u00a0\u00bb global_colors_info=\u00a0\u00bb{}\u00a0\u00bb][et_pb_row _builder_version=\u00a0\u00bb4.17.4&Prime; _module_preset=\u00a0\u00bbdefault\u00a0\u00bb width=\u00a0\u00bb60%\u00a0\u00bb width_tablet=\u00a0\u00bb80%\u00a0\u00bb width_phone=\u00a0\u00bb80%\u00a0\u00bb width_last_edited=\u00a0\u00bbon|tablet\u00a0\u00bb global_colors_info=\u00a0\u00bb{}\u00a0\u00bb][et_pb_column type=\u00a0\u00bb4_4&Prime; _builder_version=\u00a0\u00bb4.17.4&Prime; _module_preset=\u00a0\u00bbdefault\u00a0\u00bb global_colors_info=\u00a0\u00bb{}\u00a0\u00bb][et_pb_text _builder_version=\u00a0\u00bb4.17.4&Prime; _module_preset=\u00a0\u00bbb327cbe4-b1d5-4b66-ad37-40c8f2f061ba\u00a0\u00bb header_2_font=\u00a0\u00bbCinzel||||||||\u00a0\u00bb header_2_text_color=\u00a0\u00bb#FFC38F\u00a0\u00bb header_2_font_size=\u00a0\u00bb48px\u00a0\u00bb header_2_line_height=\u00a0\u00bb1.2em\u00a0\u00bb text_orientation=\u00a0\u00bbcenter\u00a0\u00bb header_2_font_size_tablet=\u00a0\u00bb32px\u00a0\u00bb header_2_font_size_phone=\u00a0\u00bb20px\u00a0\u00bb header_2_font_size_last_edited=\u00a0\u00bbon|desktop\u00a0\u00bb global_colors_info=\u00a0\u00bb{}\u00a0\u00bb]<h2>demande de rendez-vous<\/h2>\n<h2><\/h2>[\/et_pb_text][\/et_pb_column][\/et_pb_row][et_pb_row _builder_version=\u00a0\u00bb4.20.2&Prime; _module_preset=\u00a0\u00bbdefault\u00a0\u00bb global_colors_info=\u00a0\u00bb{}\u00a0\u00bb][et_pb_column type=\u00a0\u00bb4_4&Prime; _builder_version=\u00a0\u00bb4.20.2&Prime; _module_preset=\u00a0\u00bbdefault\u00a0\u00bb global_colors_info=\u00a0\u00bb{}\u00a0\u00bb][et_pb_button button_url=\u00a0\u00bb@ET-DC@eyJkeW5hbWljIjp0cnVlLCJjb250ZW50IjoicG9zdF9saW5rX3VybF9wYWdlIiwic2V0dGluZ3MiOnsicG9zdF9pZCI6IjIwIn19@\u00a0\u00bb button_text=\u00a0\u00bbPrenez rendez-vous\u00a0\u00bb button_alignment=\u00a0\u00bbcenter\u00a0\u00bb _builder_version=\u00a0\u00bb4.20.2&Prime; _dynamic_attributes=\u00a0\u00bbbutton_url\u00a0\u00bb _module_preset=\u00a0\u00bbdefault\u00a0\u00bb custom_button=\u00a0\u00bbon\u00a0\u00bb button_text_color=\u00a0\u00bb#FFFFFF\u00a0\u00bb button_bg_use_color_gradient=\u00a0\u00bbon\u00a0\u00bb button_bg_color_gradient_stops=\u00a0\u00bb#00261d 0%|#88c4dd 100%\u00a0\u00bb button_border_color=\u00a0\u00bbRGBA(255,255,255,0)\u00a0\u00bb button_border_radius=\u00a0\u00bb12px\u00a0\u00bb global_colors_info=\u00a0\u00bb{}\u00a0\u00bb][\/et_pb_button][\/et_pb_column][\/et_pb_row][\/et_pb_section]","protected":false},"excerpt":{"rendered":"<p>A propos de cybele\u00a0A \u00a0vos c\u00f4t\u00e9s, dans un accompagnement personnalis\u00e9 depuis plus de 15 ans. Choisir d\u2019aider les autres, c\u2019est pour cyb\u00e8le un investissement complet, en veillant au respect et \u00e0 la bienveillance. Cyb\u00e8le s&rsquo;est engag\u00e9e dans cette voie quand elle a d\u00e9couvert le re\u00efki. Cette pratique fut pour elle le changement de son existence. [&hellip;]<\/p>\n","protected":false},"author":1,"featured_media":0,"parent":0,"menu_order":8,"comment_status":"closed","ping_status":"open","template":"","meta":{"_et_pb_use_builder":"on","_et_pb_old_content":"<!-- wp:image {\"align\":\"center\",\"id\":775,\"sizeSlug\":\"large\"} -->\n<figure class=\"wp-block-image aligncenter size-large\"><img src=\"http:\/\/www.espace-sophrologie.org\/wp-content\/uploads\/2020\/11\/Q.jpg\" alt=\"\" class=\"wp-image-775\"\/><\/figure>\n<!-- \/wp:image -->\n\n<!-- wp:columns -->\n<div class=\"wp-block-columns\"><!-- wp:column -->\n<div class=\"wp-block-column\"><!-- wp:heading -->\n<h2><mark style=\"background-color:rgba(0, 0, 0, 0);color:#003366\" class=\"has-inline-color\">[dropcaps round=\"yes\"]A [\/dropcaps] propos<\/mark><\/h2>\n<!-- \/wp:heading -->\n\n<!-- wp:paragraph -->\n<p><\/p>\n<!-- \/wp:paragraph -->\n\n<!-- wp:paragraph -->\n<p>Ma motivation de th\u00e9rapeute r\u00e9sulte d\u2019un engagement profond vers les valeurs essentielles de la vie et&nbsp; tout ce qui constitue l\u2019Humain.<\/p>\n<!-- \/wp:paragraph -->\n\n<!-- wp:paragraph -->\n<p>Je suis \u00e0 vos cot\u00e9s, dans un accompagnement personnalis\u00e9 depuis plus de 10 ans.<\/p>\n<!-- \/wp:paragraph -->\n\n<!-- wp:paragraph -->\n<p>Choisir d\u2019aider les autres, c\u2019est pour moi un investissement complet, en veillant au respect et la bienveillance.<\/p>\n<!-- \/wp:paragraph -->\n\n<!-- wp:paragraph -->\n<p>Je me suis engag\u00e9e dans cette voie quand j\u2019ai d\u00e9couvert le re\u00efki. Cette pratique a chang\u00e9 mon existence en m\u2019apportant des remises en ordre \u00e0 multiples niveaux.<\/p>\n<!-- \/wp:paragraph -->\n\n<!-- wp:paragraph -->\n<p>La sophrologie vint \u00e0 moi naturellement, me convainquant totalement de par sa force et&nbsp;&nbsp; son efficacit\u00e9. Je Commencais&nbsp; d\u00e9lors un entrainement sur-moi-m\u00eame qui me conf\u00e9ra, l\u00e0 aussi, des changements radicaux, d\u00e9passant quantit\u00e9 de sch\u00e9mas et d\u2019lllusions limitantes.<\/p>\n<!-- \/wp:paragraph -->\n\n<!-- wp:paragraph -->\n<p>Ce travail de d\u00e9voilement de soi, je mets dans tous les apports de ma pratique th\u00e9rapeutique avec une approche encadr\u00e9e et structur\u00e9e.<\/p>\n<!-- \/wp:paragraph -->\n\n<!-- wp:paragraph -->\n<p>Je compl\u00e8te ma formation en 2014 avec l\u2019hypnose, pour une prise en charge plus cibl\u00e9e et plus rapide des probl\u00e8mes dont souffrent la majeure partie de ma patient\u00e8le.<\/p>\n<!-- \/wp:paragraph -->\n\n<!-- wp:quote -->\n<blockquote class=\"wp-block-quote\"><!-- wp:paragraph -->\n<p>La force de ma proposition pour vous, c\u2019est aussi est avant tout la reconnection avec vous-m\u00eame !<\/p>\n<!-- \/wp:paragraph --><\/blockquote>\n<!-- \/wp:quote -->\n\n<!-- wp:quote -->\n<blockquote class=\"wp-block-quote\"><!-- wp:paragraph -->\n<p>En aidant les personnes \u00e0 d\u00e9bloquer leur probl\u00e9matique, lorsqu\u2019elles se sentent stress\u00e9es, d\u00e9pass\u00e9es, limit\u00e9es et impuissantes\u2026 Leur transmettant les moyens d\u2019acc\u00e9der \u00e0 leurs ressources int\u00e9rieures. Ceci pour enfin retrouver la voie du plein \u00e9panouissement, \u00e0 savoir, l\u2019\u00e9quilibre, l\u2019harmonie et la s\u00e9r\u00e9nit\u00e9, de fa\u00e7on durable.<\/p>\n<!-- \/wp:paragraph --><\/blockquote>\n<!-- \/wp:quote -->\n\n<!-- wp:paragraph -->\n<p>Je constate qu\u2019apr\u00e8s quelques s\u00e9ances les b\u00e9n\u00e9fices sont rapides et directement palpables. Ma client\u00e8le, fid\u00e8le, me laisse des commentaires souvent \u00e9logieux afin de me t\u00e9moigner de sa satisfaction et de sa confiance.<\/p>\n<!-- \/wp:paragraph -->\n\n<!-- wp:paragraph -->\n<p>Parce que ces avis sont utiles et importants et qu\u2019ils vous aiderons s\u00fbrement&nbsp; \u00e0 vous mettre en route, je vous invite \u00e0 les consulter et vous faire une id\u00e9e.<\/p>\n<!-- \/wp:paragraph -->\n\n<!-- wp:paragraph -->\n<p>Tout changement est initi\u00e9 par un premier pas et seul le premier compte, alors, Rencontrons-nous !<\/p>\n<!-- \/wp:paragraph --><\/div>\n<!-- \/wp:column -->\n\n<!-- wp:column -->\n<div class=\"wp-block-column\"><!-- wp:image {\"id\":776,\"sizeSlug\":\"large\"} -->\n<figure class=\"wp-block-image size-large\"><img src=\"http:\/\/www.espace-sophrologie.org\/wp-content\/uploads\/2020\/11\/Profile-734x1024.jpg\" alt=\"\" class=\"wp-image-776\"\/><\/figure>\n<!-- \/wp:image --><\/div>\n<!-- \/wp:column --><\/div>\n<!-- \/wp:columns -->\n\n<div class=\"twocol\">\n<h3 style=\"text-align: center;\">&nbsp;<\/h3>\n<\/div>\n<p>[one_half last=\"no\"]<a href=\"http:\/\/cdesign-web.com\/espace-sophrologie-et-hypnotherapie\/wp-content\/uploads\/2015\/06\/diplome-sophrocay.jpg\"><img class=\"aligncenter size-full wp-image-374\" src=\"http:\/\/cdesign-web.com\/espace-sophrologie-et-hypnotherapie\/wp-content\/uploads\/2015\/06\/diplome-sophrocay.jpg\" alt=\"Cybele Flageolet diplome Sophrocay\" width=\"600\" height=\"814\"><\/a>[\/one_half]<\/p>\n<p>[one_half last=\"yes\"]<a href=\"http:\/\/cdesign-web.com\/espace-sophrologie-et-hypnotherapie\/wp-content\/uploads\/2015\/06\/diplome-ngs.jpg\"><img class=\"aligncenter size-full wp-image-373\" src=\"http:\/\/cdesign-web.com\/espace-sophrologie-et-hypnotherapie\/wp-content\/uploads\/2015\/06\/diplome-ngs.jpg\" alt=\"Cybele Flageolet diplome ngs\" width=\"900\" height=\"681\"><\/a>[\/one_half]<\/p>\n\n<!-- wp:columns -->\n<div class=\"wp-block-columns\"><!-- wp:column -->\n<div class=\"wp-block-column\"><\/div>\n<!-- \/wp:column -->\n\n<!-- wp:column -->\n<div class=\"wp-block-column\"><\/div>\n<!-- \/wp:column --><\/div>\n<!-- \/wp:columns -->","_et_gb_content_width":"","footnotes":""},"class_list":["post-147","page","type-page","status-publish","hentry"],"yoast_head":"<!-- This site is optimized with the Yoast SEO plugin v27.4 - https:\/\/yoast.com\/product\/yoast-seo-wordpress\/ -->\n<title>Qui suis-je ? - Espace Sophrologie Hypnoth\u00e9rapie &amp; Reiki Annezin Bethune<\/title>\n<meta name=\"description\" content=\"Cyb\u00e8le Flajollet Lefebvre sophrologue depuis plus de 10 ans. Mon accompagnement vous permettra une reconnection en harmonie avec vous-m\u00eame.\" \/>\n<meta name=\"robots\" content=\"index, follow, max-snippet:-1, max-image-preview:large, max-video-preview:-1\" \/>\n<link rel=\"canonical\" href=\"https:\/\/www.espace-sophrologie.org\/?page_id=147\" \/>\n<meta property=\"og:locale\" content=\"fr_FR\" \/>\n<meta property=\"og:type\" content=\"article\" \/>\n<meta property=\"og:title\" content=\"Qui suis-je ? - Espace Sophrologie Hypnoth\u00e9rapie &amp; Reiki Annezin Bethune\" \/>\n<meta property=\"og:description\" content=\"Cyb\u00e8le Flajollet Lefebvre sophrologue depuis plus de 10 ans. Mon accompagnement vous permettra une reconnection en harmonie avec vous-m\u00eame.\" \/>\n<meta property=\"og:url\" content=\"https:\/\/www.espace-sophrologie.org\/?page_id=147\" \/>\n<meta property=\"og:site_name\" content=\"Espace Sophrologie Hypnoth\u00e9rapie &amp; Reiki Annezin Bethune\" \/>\n<meta property=\"article:publisher\" content=\"https:\/\/www.facebook.com\/SophrologieHypnotherapieCybeleFlajollet\" \/>\n<meta property=\"article:modified_time\" content=\"2026-04-22T15:58:06+00:00\" \/>\n<meta property=\"og:image\" content=\"http:\/\/www.espace-sophrologie.org\/wp-content\/uploads\/2020\/11\/Profile-734x1024.jpg\" \/>\n<meta name=\"twitter:card\" content=\"summary_large_image\" \/>\n<meta name=\"twitter:label1\" content=\"Dur\u00e9e de lecture estim\u00e9e\" \/>\n\t<meta name=\"twitter:data1\" content=\"3 minutes\" \/>\n<script type=\"application\/ld+json\" class=\"yoast-schema-graph\">{\"@context\":\"https:\\\/\\\/schema.org\",\"@graph\":[{\"@type\":\"WebPage\",\"@id\":\"https:\\\/\\\/www.espace-sophrologie.org\\\/?page_id=147\",\"url\":\"https:\\\/\\\/www.espace-sophrologie.org\\\/?page_id=147\",\"name\":\"Qui suis-je ? - Espace Sophrologie Hypnoth\u00e9rapie &amp; Reiki Annezin Bethune\",\"isPartOf\":{\"@id\":\"https:\\\/\\\/www.espace-sophrologie.org\\\/#website\"},\"primaryImageOfPage\":{\"@id\":\"https:\\\/\\\/www.espace-sophrologie.org\\\/?page_id=147#primaryimage\"},\"image\":{\"@id\":\"https:\\\/\\\/www.espace-sophrologie.org\\\/?page_id=147#primaryimage\"},\"thumbnailUrl\":\"http:\\\/\\\/www.espace-sophrologie.org\\\/wp-content\\\/uploads\\\/2020\\\/11\\\/Profile-734x1024.jpg\",\"datePublished\":\"2015-06-16T15:29:45+00:00\",\"dateModified\":\"2026-04-22T15:58:06+00:00\",\"description\":\"Cyb\u00e8le Flajollet Lefebvre sophrologue depuis plus de 10 ans. Mon accompagnement vous permettra une reconnection en harmonie avec vous-m\u00eame.\",\"breadcrumb\":{\"@id\":\"https:\\\/\\\/www.espace-sophrologie.org\\\/?page_id=147#breadcrumb\"},\"inLanguage\":\"fr-FR\",\"potentialAction\":[{\"@type\":\"ReadAction\",\"target\":[\"https:\\\/\\\/www.espace-sophrologie.org\\\/?page_id=147\"]}]},{\"@type\":\"ImageObject\",\"inLanguage\":\"fr-FR\",\"@id\":\"https:\\\/\\\/www.espace-sophrologie.org\\\/?page_id=147#primaryimage\",\"url\":\"http:\\\/\\\/www.espace-sophrologie.org\\\/wp-content\\\/uploads\\\/2020\\\/11\\\/Profile-734x1024.jpg\",\"contentUrl\":\"http:\\\/\\\/www.espace-sophrologie.org\\\/wp-content\\\/uploads\\\/2020\\\/11\\\/Profile-734x1024.jpg\"},{\"@type\":\"BreadcrumbList\",\"@id\":\"https:\\\/\\\/www.espace-sophrologie.org\\\/?page_id=147#breadcrumb\",\"itemListElement\":[{\"@type\":\"ListItem\",\"position\":1,\"name\":\"Accueil\",\"item\":\"https:\\\/\\\/www.espace-sophrologie.org\\\/\"},{\"@type\":\"ListItem\",\"position\":2,\"name\":\"Qui suis-je ?\"}]},{\"@type\":\"WebSite\",\"@id\":\"https:\\\/\\\/www.espace-sophrologie.org\\\/#website\",\"url\":\"https:\\\/\\\/www.espace-sophrologie.org\\\/\",\"name\":\"Espace Sophrologie Re\u00efki et Hypnoth\u00e9rapie Lillers\",\"description\":\"Retrouvez une s\u00e9r\u00e9nit\u00e9 int\u00e9rieure de fa\u00e7on durable\",\"publisher\":{\"@id\":\"https:\\\/\\\/www.espace-sophrologie.org\\\/#\\\/schema\\\/person\\\/b46e9b4035cb420e895dd04fe6a3868a\"},\"potentialAction\":[{\"@type\":\"SearchAction\",\"target\":{\"@type\":\"EntryPoint\",\"urlTemplate\":\"https:\\\/\\\/www.espace-sophrologie.org\\\/?s={search_term_string}\"},\"query-input\":{\"@type\":\"PropertyValueSpecification\",\"valueRequired\":true,\"valueName\":\"search_term_string\"}}],\"inLanguage\":\"fr-FR\"},{\"@type\":[\"Person\",\"Organization\"],\"@id\":\"https:\\\/\\\/www.espace-sophrologie.org\\\/#\\\/schema\\\/person\\\/b46e9b4035cb420e895dd04fe6a3868a\",\"name\":\"Cyb\u00e8le\",\"image\":{\"@type\":\"ImageObject\",\"inLanguage\":\"fr-FR\",\"@id\":\"https:\\\/\\\/secure.gravatar.com\\\/avatar\\\/8285c3113cdab605c1638656a22af4c9e3228f6d01d018d28667382f01cd85ab?s=96&d=mm&r=g\",\"url\":\"https:\\\/\\\/secure.gravatar.com\\\/avatar\\\/8285c3113cdab605c1638656a22af4c9e3228f6d01d018d28667382f01cd85ab?s=96&d=mm&r=g\",\"contentUrl\":\"https:\\\/\\\/secure.gravatar.com\\\/avatar\\\/8285c3113cdab605c1638656a22af4c9e3228f6d01d018d28667382f01cd85ab?s=96&d=mm&r=g\",\"caption\":\"Cyb\u00e8le\"},\"logo\":{\"@id\":\"https:\\\/\\\/secure.gravatar.com\\\/avatar\\\/8285c3113cdab605c1638656a22af4c9e3228f6d01d018d28667382f01cd85ab?s=96&d=mm&r=g\"},\"sameAs\":[\"http:\\\/\\\/www.espace-sophrologie.org\",\"https:\\\/\\\/www.facebook.com\\\/SophrologieHypnotherapieCybeleFlajollet\"]}]}<\/script>\n<!-- \/ Yoast SEO plugin. -->","yoast_head_json":{"title":"Qui suis-je ? - Espace Sophrologie Hypnoth\u00e9rapie &amp; Reiki Annezin Bethune","description":"Cyb\u00e8le Flajollet Lefebvre sophrologue depuis plus de 10 ans. Mon accompagnement vous permettra une reconnection en harmonie avec vous-m\u00eame.","robots":{"index":"index","follow":"follow","max-snippet":"max-snippet:-1","max-image-preview":"max-image-preview:large","max-video-preview":"max-video-preview:-1"},"canonical":"https:\/\/www.espace-sophrologie.org\/?page_id=147","og_locale":"fr_FR","og_type":"article","og_title":"Qui suis-je ? - Espace Sophrologie Hypnoth\u00e9rapie &amp; Reiki Annezin Bethune","og_description":"Cyb\u00e8le Flajollet Lefebvre sophrologue depuis plus de 10 ans. Mon accompagnement vous permettra une reconnection en harmonie avec vous-m\u00eame.","og_url":"https:\/\/www.espace-sophrologie.org\/?page_id=147","og_site_name":"Espace Sophrologie Hypnoth\u00e9rapie &amp; Reiki Annezin Bethune","article_publisher":"https:\/\/www.facebook.com\/SophrologieHypnotherapieCybeleFlajollet","article_modified_time":"2026-04-22T15:58:06+00:00","og_image":[{"url":"http:\/\/www.espace-sophrologie.org\/wp-content\/uploads\/2020\/11\/Profile-734x1024.jpg","type":"","width":"","height":""}],"twitter_card":"summary_large_image","twitter_misc":{"Dur\u00e9e de lecture estim\u00e9e":"3 minutes"},"schema":{"@context":"https:\/\/schema.org","@graph":[{"@type":"WebPage","@id":"https:\/\/www.espace-sophrologie.org\/?page_id=147","url":"https:\/\/www.espace-sophrologie.org\/?page_id=147","name":"Qui suis-je ? - Espace Sophrologie Hypnoth\u00e9rapie &amp; Reiki Annezin Bethune","isPartOf":{"@id":"https:\/\/www.espace-sophrologie.org\/#website"},"primaryImageOfPage":{"@id":"https:\/\/www.espace-sophrologie.org\/?page_id=147#primaryimage"},"image":{"@id":"https:\/\/www.espace-sophrologie.org\/?page_id=147#primaryimage"},"thumbnailUrl":"http:\/\/www.espace-sophrologie.org\/wp-content\/uploads\/2020\/11\/Profile-734x1024.jpg","datePublished":"2015-06-16T15:29:45+00:00","dateModified":"2026-04-22T15:58:06+00:00","description":"Cyb\u00e8le Flajollet Lefebvre sophrologue depuis plus de 10 ans. Mon accompagnement vous permettra une reconnection en harmonie avec vous-m\u00eame.","breadcrumb":{"@id":"https:\/\/www.espace-sophrologie.org\/?page_id=147#breadcrumb"},"inLanguage":"fr-FR","potentialAction":[{"@type":"ReadAction","target":["https:\/\/www.espace-sophrologie.org\/?page_id=147"]}]},{"@type":"ImageObject","inLanguage":"fr-FR","@id":"https:\/\/www.espace-sophrologie.org\/?page_id=147#primaryimage","url":"http:\/\/www.espace-sophrologie.org\/wp-content\/uploads\/2020\/11\/Profile-734x1024.jpg","contentUrl":"http:\/\/www.espace-sophrologie.org\/wp-content\/uploads\/2020\/11\/Profile-734x1024.jpg"},{"@type":"BreadcrumbList","@id":"https:\/\/www.espace-sophrologie.org\/?page_id=147#breadcrumb","itemListElement":[{"@type":"ListItem","position":1,"name":"Accueil","item":"https:\/\/www.espace-sophrologie.org\/"},{"@type":"ListItem","position":2,"name":"Qui suis-je ?"}]},{"@type":"WebSite","@id":"https:\/\/www.espace-sophrologie.org\/#website","url":"https:\/\/www.espace-sophrologie.org\/","name":"Espace Sophrologie Re\u00efki et Hypnoth\u00e9rapie Lillers","description":"Retrouvez une s\u00e9r\u00e9nit\u00e9 int\u00e9rieure de fa\u00e7on durable","publisher":{"@id":"https:\/\/www.espace-sophrologie.org\/#\/schema\/person\/b46e9b4035cb420e895dd04fe6a3868a"},"potentialAction":[{"@type":"SearchAction","target":{"@type":"EntryPoint","urlTemplate":"https:\/\/www.espace-sophrologie.org\/?s={search_term_string}"},"query-input":{"@type":"PropertyValueSpecification","valueRequired":true,"valueName":"search_term_string"}}],"inLanguage":"fr-FR"},{"@type":["Person","Organization"],"@id":"https:\/\/www.espace-sophrologie.org\/#\/schema\/person\/b46e9b4035cb420e895dd04fe6a3868a","name":"Cyb\u00e8le","image":{"@type":"ImageObject","inLanguage":"fr-FR","@id":"https:\/\/secure.gravatar.com\/avatar\/8285c3113cdab605c1638656a22af4c9e3228f6d01d018d28667382f01cd85ab?s=96&d=mm&r=g","url":"https:\/\/secure.gravatar.com\/avatar\/8285c3113cdab605c1638656a22af4c9e3228f6d01d018d28667382f01cd85ab?s=96&d=mm&r=g","contentUrl":"https:\/\/secure.gravatar.com\/avatar\/8285c3113cdab605c1638656a22af4c9e3228f6d01d018d28667382f01cd85ab?s=96&d=mm&r=g","caption":"Cyb\u00e8le"},"logo":{"@id":"https:\/\/secure.gravatar.com\/avatar\/8285c3113cdab605c1638656a22af4c9e3228f6d01d018d28667382f01cd85ab?s=96&d=mm&r=g"},"sameAs":["http:\/\/www.espace-sophrologie.org","https:\/\/www.facebook.com\/SophrologieHypnotherapieCybeleFlajollet"]}]}},"_links":{"self":[{"href":"https:\/\/www.espace-sophrologie.org\/index.php?rest_route=\/wp\/v2\/pages\/147","targetHints":{"allow":["GET"]}}],"collection":[{"href":"https:\/\/www.espace-sophrologie.org\/index.php?rest_route=\/wp\/v2\/pages"}],"about":[{"href":"https:\/\/www.espace-sophrologie.org\/index.php?rest_route=\/wp\/v2\/types\/page"}],"author":[{"embeddable":true,"href":"https:\/\/www.espace-sophrologie.org\/index.php?rest_route=\/wp\/v2\/users\/1"}],"replies":[{"embeddable":true,"href":"https:\/\/www.espace-sophrologie.org\/index.php?rest_route=%2Fwp%2Fv2%2Fcomments&post=147"}],"version-history":[{"count":84,"href":"https:\/\/www.espace-sophrologie.org\/index.php?rest_route=\/wp\/v2\/pages\/147\/revisions"}],"predecessor-version":[{"id":1575,"href":"https:\/\/www.espace-sophrologie.org\/index.php?rest_route=\/wp\/v2\/pages\/147\/revisions\/1575"}],"wp:attachment":[{"href":"https:\/\/www.espace-sophrologie.org\/index.php?rest_route=%2Fwp%2Fv2%2Fmedia&parent=147"}],"curies":[{"name":"wp","href":"https:\/\/api.w.org\/{rel}","templated":true}]}}